{"id":1122,"date":"2021-12-13T10:52:24","date_gmt":"2021-12-13T09:52:24","guid":{"rendered":"https:\/\/www.mamagenda.ch\/?page_id=1122"},"modified":"2022-03-02T15:34:03","modified_gmt":"2022-03-02T14:34:03","slug":"ich-bin-arbeitgeber","status":"publish","type":"page","link":"https:\/\/www.mamagenda.ch\/de\/ich-bin-arbeitgeber\/","title":{"rendered":"Ich bin Arbeitgeber"},"content":{"rendered":"<p>[et_pb_section fb_built=&#8220;1&#8243; custom_padding_last_edited=&#8220;off|desktop&#8220; background_color_gradient_end_1=&#8220;#c7cbd4&#8243; admin_label=&#8220;Two CTA Section&#8220; _builder_version=&#8220;4.9.10&#8243; custom_padding=&#8220;0px||0px||true|false&#8220; custom_padding_tablet=&#8220;20px||10px|&#8220; global_colors_info=&#8220;{}&#8220;][et_pb_row column_structure=&#8220;2_5,3_5&#8243; _builder_version=&#8220;4.9.10&#8243; _module_preset=&#8220;default&#8220; background_color_gradient_direction=&#8220;130deg&#8220; background_enable_image=&#8220;off&#8220; width=&#8220;85%&#8220; min_height=&#8220;420px&#8220; custom_padding=&#8220;||||false|true&#8220; custom_css_main_element=&#8220;display: flex;||align-items: center;&#8220; border_radii=&#8220;off|||10px|10px&#8220; global_colors_info=&#8220;{}&#8220; custom_css_main_element_last_edited=&#8220;on|phone&#8220; custom_css_main_element_tablet=&#8220;display: block;&#8220; custom_css_main_element_phone=&#8220;display: block;&#8220;][et_pb_column type=&#8220;2_5&#8243; _builder_version=&#8220;4.9.10&#8243; _module_preset=&#8220;default&#8220; global_colors_info=&#8220;{}&#8220;][et_pb_text _builder_version=&#8220;4.14.2&#8243; _module_preset=&#8220;c3deb0d7-f0b3-4e5d-ac9a-d9603e81933f&#8220; header_font=&#8220;|300|||||||&#8220; header_text_color=&#8220;#2C5688&#8243; header_font_size=&#8220;45px&#8220; header_2_text_color=&#8220;gcid-2df5edee-a7fb-4a83-9f39-25696773855b&#8220; global_colors_info=&#8220;{%22gcid-2df5edee-a7fb-4a83-9f39-25696773855b%22:%91%22header_2_text_color%22,%22header_2_text_color%22,%22header_2_text_color%22,%22header_text_color%22%93,%22gcid-6ef84c2c-0a7b-4aca-adb9-61718fa45c69%22:%91%93}&#8220;]<\/p>\n<h1>Sind Sie<br \/><strong>Arbeitgeber<\/strong>?<\/h1>\n<p>[\/et_pb_text][et_pb_text _builder_version=&#8220;4.14.2&#8243; _module_preset=&#8220;default&#8220; text_font=&#8220;|500|||||||&#8220; text_font_size=&#8220;18px&#8220; text_line_height=&#8220;1.8em&#8220; header_2_font=&#8220;|300|||||||&#8220; header_2_text_align=&#8220;left&#8220; header_2_text_color=&#8220;#2C5688&#8243; header_2_font_size=&#8220;34px&#8220; locked=&#8220;off&#8220; global_colors_info=&#8220;{%22gcid-2df5edee-a7fb-4a83-9f39-25696773855b%22:%91%22button_one_bg_color%22,%22header_text_color%22,%22button_one_bg_color%22,%22header_text_color%22,%22button_one_bg_color%22,%22header_text_color%22,%22button_one_bg_color%22,%22header_text_color%22,%22button_one_bg_color%22,%22button_one_bg_color%22,%22button_one_bg_color%22,%22button_one_bg_color%22,%22button_one_bg_color%22,%22button_one_bg_color%22,%22button_text_color__hover%22,%22header_text_color%22%93,%22gcid-6ef84c2c-0a7b-4aca-adb9-61718fa45c69%22:%91%93,%22gcid-4afa5085-edc7-4d55-9eaf-5c17aa194813%22:%91%93}&#8220;]<\/p>\n<p>Auf dieser Seite finden Sie alle Informationen und Tipps, die Sie ben\u00f6tigen, um die Zeit der Schwangerschaft Ihrer Mitarbeiterin gut zu organisieren.<\/p>\n<p>Das Ziel eines Arbeitgebers ist es, dass von Anfang an f\u00fcr alle Beteiligten alles optimal l\u00e4uft. Denn dies beeinflusst, ob Ihre Mitarbeiterin ihre berufliche T\u00e4tigkeit fortsetzt oder nicht.<\/p>\n<p>[\/et_pb_text][\/et_pb_column][et_pb_column type=&#8220;3_5&#8243; _builder_version=&#8220;4.9.10&#8243; _module_preset=&#8220;default&#8220; global_colors_info=&#8220;{}&#8220;][et_pb_image src=&#8220;https:\/\/www.mamagenda.ch\/wp-content\/uploads\/2021\/07\/boss-illustration-02.svg&#8220; title_text=&#8220;boss-illustration-02&#8243; _builder_version=&#8220;4.10.6&#8243; _module_preset=&#8220;default&#8220; global_colors_info=&#8220;{}&#8220;][\/et_pb_image][\/et_pb_column][\/et_pb_row][\/et_pb_section][et_pb_section fb_built=&#8220;1&#8243; _builder_version=&#8220;4.9.10&#8243; _module_preset=&#8220;default&#8220; background_color=&#8220;#EAEEF3&#8243; top_divider_style=&#8220;curve&#8220; top_divider_color=&#8220;#FFFFFF&#8220; top_divider_height=&#8220;50px&#8220; top_divider_flip=&#8220;vertical&#8220; global_colors_info=&#8220;{}&#8220;][et_pb_row _builder_version=&#8220;4.9.10&#8243; _module_preset=&#8220;default&#8220; custom_padding=&#8220;||0px|||&#8220; global_colors_info=&#8220;{}&#8220;][et_pb_column type=&#8220;4_4&#8243; _builder_version=&#8220;4.9.10&#8243; _module_preset=&#8220;default&#8220; global_colors_info=&#8220;{}&#8220;][et_pb_text _builder_version=&#8220;4.14.2&#8243; _module_preset=&#8220;c3deb0d7-f0b3-4e5d-ac9a-d9603e81933f&#8220; custom_margin=&#8220;||5px||false|false&#8220; locked=&#8220;off&#8220; global_colors_info=&#8220;{}&#8220;]<\/p>\n<h3><strong>Zu Ihrem Personal geh\u00f6ren auch Frauen<\/strong><\/h3>\n<p>[\/et_pb_text][\/et_pb_column][\/et_pb_row][et_pb_row column_structure=&#8220;1_2,1_2&#8243; _builder_version=&#8220;4.9.10&#8243; _module_preset=&#8220;default&#8220; global_colors_info=&#8220;{}&#8220;][et_pb_column type=&#8220;1_2&#8243; _builder_version=&#8220;4.9.10&#8243; _module_preset=&#8220;default&#8220; global_colors_info=&#8220;{}&#8220;][et_pb_toggle title=&#8220;Worauf sollte ich achten?&#8220; _builder_version=&#8220;4.14.2&#8243; _module_preset=&#8220;1162b011-0bbd-4445-bd20-55262ba1dbd8&#8243; hover_enabled=&#8220;0&#8243; locked=&#8220;off&#8220; global_colors_info=&#8220;{}&#8220; sticky_enabled=&#8220;0&#8243;]<\/p>\n<p>Der Arbeitgeber hat eine sehr wichtige Rolle, sobald ein einschneidendes Ereignis die Angestellten in ihrem Privatleben betrifft. Dies gilt sowohl f\u00fcr unvorhergesehene Unf\u00e4lle oder Gesundheitsprobleme als auch f\u00fcr vorhersehbare Ereignisse wie Abwesenheiten aufgrund von Wehrdienst, Weiterbildungen, Urlaub usw. Eine Schwangerschaft macht in der Regel vieles planbar, h\u00e4lt aber manchmal auch einige \u00dcberraschungen bereit, auf die man sich vorbereiten kann.<\/p>\n<p>Wie der Arbeitgeber \u00fcber eine Schwangerschaft informiert, wie er darauf reagiert und wie er damit umgeht, h\u00e4ngt von vielen Dingen ab, z. B. davon, wie die Schwangerschaft verl\u00e4uft, wie gut das Team zusammenarbeitet, ob alle Angestellten treu bleiben, etc. Daher ist es f\u00fcr einen Arbeitgeber wichtig, alle relevanten Bestimmungen zu kennen. Diese Merkbl\u00e4tter und Links helfen Ihnen dabei.<br \/>Das Wichtigste ist eine Unternehmenskultur, in der ein regelm\u00e4\u00dfiger Dialog mit den Arbeitnehmern stattfindet und die von Respekt f\u00fcr den Einzelnen gepr\u00e4gt ist.<\/p>\n<p><strong> Merkbl\u00e4tter:<br \/><\/strong><\/p>\n<p><a href=\"https:\/\/www.mamagenda.ch\/wp-content\/uploads\/2022\/01\/2_Risikomanagement-2021.09.pdf\" target=\"_blank\" rel=\"noopener\">2_Risikomanagement<\/a><\/p>\n<p><a href=\"https:\/\/www.mamagenda.ch\/wp-content\/uploads\/2022\/01\/3_Vorgehen_GEZI-2021.09.pdf\" target=\"_blank\" rel=\"noopener\">3_Vorgehen GEZI<\/a><\/p>\n<p><a href=\"https:\/\/www.mamagenda.ch\/wp-content\/uploads\/2022\/01\/5_So_schaffen_Sie_Vertrauen-2021.09.pdf\" target=\"_blank\" rel=\"noopener\">5_So schaffen Sie Vetrauen<\/a><\/p>\n<p><a href=\"https:\/\/www.mamagenda.ch\/wp-content\/uploads\/2022\/01\/9_Team-Management-2021.09.pdf\" target=\"_blank\" rel=\"noopener\">9_Team-Management<\/a><\/p>\n<p><a href=\"https:\/\/www.mamagenda.ch\/wp-content\/uploads\/2022\/01\/18_Achtung_Gefahr-2023.07.pdf\" target=\"_blank\" rel=\"noopener\">18_Achtung_Gefahr<\/a><\/p>\n<p><strong>I nostri link utili<\/strong><\/p>\n<p><strong>Handbuch Info.<span style=\"color: #ff0000;\">Mutterschaft<\/span>.ch:<\/strong><\/p>\n<p><a href=\"https:\/\/www.informaternite.ch\/in_erwartung_des_kindes\/gesundheitsschutz_am_arbeitsplatz\" target=\"_blank\" rel=\"noopener\">Gesundheitsschutz<\/a><\/p>\n<p><a href=\"http:\/\/www.informaternite.ch\/en_attendant_bebe\/protection_de_la_sante_sur_le_lieu_de_travail\/devoirs_d_information\" target=\"_blank\" rel=\"noopener\">Informationspflicht<\/a><\/p>\n<p><a href=\"http:\/\/www.informaternite.ch\/in_erwartung_des_kindes\/kuendigung_austritt\/nach_bestaetigter_anstellung?lang=de\" target=\"_blank\" rel=\"noopener\">K\u00fcndigungsschutz<\/a><\/p>\n<p><a href=\"http:\/\/www.informaternite.ch\/in_erwartung_des_kindes\/kuendigung_austritt\/waehrend_der_probezeit\" target=\"_blank\" rel=\"noopener\">K\u00fcndigungsschutz in der Probezeit<\/a><\/p>\n<p><a href=\"http:\/\/www.informaternite.ch\/in_erwartung_des_kindes\/gesundheitsschutz_am_arbeitsplatz\/diskriminierung\" target=\"_blank\" rel=\"noopener\">Diskriminierung<\/a><\/p>\n<p><strong>Eidgen\u00f6ssisches B\u00fcro f\u00fcr die Gleichstellung von Frau und Mann<\/strong><br \/><a href=\"https:\/\/www.mamagenda.ch\/wp-content\/uploads\/2022\/02\/2022-fairplay_at_work_unternehmen-D.pdf\" target=\"_blank\" rel=\"noopener\">FairPlay at Work in Unternehmen (2003)<\/a><\/p>\n<p>[\/et_pb_toggle][\/et_pb_column][et_pb_column type=&#8220;1_2&#8243; _builder_version=&#8220;4.9.10&#8243; _module_preset=&#8220;default&#8220; global_colors_info=&#8220;{}&#8220;][\/et_pb_column][\/et_pb_row][\/et_pb_section][et_pb_section fb_built=&#8220;1&#8243; _builder_version=&#8220;4.9.10&#8243; _module_preset=&#8220;default&#8220; background_color=&#8220;#EAEEF3&#8243; global_colors_info=&#8220;{}&#8220;][et_pb_row _builder_version=&#8220;4.9.10&#8243; _module_preset=&#8220;default&#8220; custom_padding=&#8220;||0px|||&#8220; global_colors_info=&#8220;{}&#8220;][et_pb_column type=&#8220;4_4&#8243; _builder_version=&#8220;4.9.10&#8243; _module_preset=&#8220;default&#8220; global_colors_info=&#8220;{}&#8220;][et_pb_text _builder_version=&#8220;4.14.2&#8243; _module_preset=&#8220;c3deb0d7-f0b3-4e5d-ac9a-d9603e81933f&#8220; custom_margin=&#8220;||5px||false|false&#8220; locked=&#8220;off&#8220; global_colors_info=&#8220;{}&#8220;]<\/p>\n<h3><strong>Meine Mitarbeiterin hat mir k\u00fcrzlich mitgeteilt, dass sie schwanger ist<\/strong><\/h3>\n<p>[\/et_pb_text][\/et_pb_column][\/et_pb_row][et_pb_row column_structure=&#8220;1_2,1_2&#8243; _builder_version=&#8220;4.9.10&#8243; _module_preset=&#8220;default&#8220; global_colors_info=&#8220;{}&#8220;][et_pb_column type=&#8220;1_2&#8243; _builder_version=&#8220;4.9.10&#8243; _module_preset=&#8220;default&#8220; global_colors_info=&#8220;{}&#8220;][et_pb_toggle title=&#8220;Wie reagiere ich am besten?&#8220; _builder_version=&#8220;4.14.2&#8243; _module_preset=&#8220;1162b011-0bbd-4445-bd20-55262ba1dbd8&#8243; locked=&#8220;off&#8220; global_colors_info=&#8220;{}&#8220;]<\/p>\n<p>Als erstes sollten Sie sie auf jeden Fall begl\u00fcckw\u00fcnschen. Anschliessend hilt Ihnen die GEZI-Methode bei den weiteren Schritten:<\/p>\n<p><span><strong>Merkblatt:<\/strong><\/span><\/p>\n<p><a href=\"https:\/\/www.mamagenda.ch\/wp-content\/uploads\/2022\/01\/3_Vorgehen_GEZI-2021.09.pdf\" target=\"_blank\" rel=\"noopener\">3_Vorgehen GEZI<\/a><\/p>\n<p>[\/et_pb_toggle][et_pb_toggle title=&#8220;Wie gehe ich am besten mit der Schwangerschaft meiner Arbeitnehmerin um?&#8220; _builder_version=&#8220;4.14.2&#8243; _module_preset=&#8220;1162b011-0bbd-4445-bd20-55262ba1dbd8&#8243; locked=&#8220;off&#8220; global_colors_info=&#8220;{}&#8220;]<\/p>\n<p>Es gibt verschiedene gesetzliche Bestimmungen, die zu verschiedenen Zeitpunkten der Schwangerschaft und dar\u00fcber hinaus gelten. Abgesehen von den Gesetzen sollte die Zeit der Schwangerschaft genutzt werden, um verschiedene Dinge zu vereinbaren, z. B. durch Gespr\u00e4che zum richtigen Zeitpunkt.<\/p>\n<p>Um Ihnen dabei zu helfen, sich Klarheit zu verschaffen, ist dieses Merkblatt hilfreich.<\/p>\n<p><span><strong>Merkblatt:<\/strong><\/span><\/p>\n<p><a href=\"https:\/\/www.mamagenda.ch\/wp-content\/uploads\/2022\/01\/24_GENERALAGENDA-Schwangerschaft-2021.09.pdf\" target=\"_blank\" rel=\"noopener\">24_Generalagenda Schwangerschaft<\/a><\/p>\n<p>[\/et_pb_toggle][\/et_pb_column][et_pb_column type=&#8220;1_2&#8243; _builder_version=&#8220;4.9.10&#8243; _module_preset=&#8220;default&#8220; global_colors_info=&#8220;{}&#8220;][\/et_pb_column][\/et_pb_row][\/et_pb_section][et_pb_section fb_built=&#8220;1&#8243; _builder_version=&#8220;4.9.10&#8243; _module_preset=&#8220;default&#8220; background_color=&#8220;#EAEEF3&#8243; global_colors_info=&#8220;{}&#8220;][et_pb_row _builder_version=&#8220;4.9.10&#8243; _module_preset=&#8220;default&#8220; custom_padding=&#8220;||0px|||&#8220; global_colors_info=&#8220;{}&#8220;][et_pb_column type=&#8220;4_4&#8243; _builder_version=&#8220;4.9.10&#8243; _module_preset=&#8220;default&#8220; global_colors_info=&#8220;{}&#8220;][et_pb_text _builder_version=&#8220;4.14.2&#8243; _module_preset=&#8220;c3deb0d7-f0b3-4e5d-ac9a-d9603e81933f&#8220; custom_margin=&#8220;||5px||false|false&#8220; locked=&#8220;off&#8220; global_colors_info=&#8220;{}&#8220;]<\/p>\n<h3><strong>Meine Angestellte ist schwanger und es gibt Probleme<\/strong><\/h3>\n<p>[\/et_pb_text][\/et_pb_column][\/et_pb_row][et_pb_row column_structure=&#8220;1_2,1_2&#8243; _builder_version=&#8220;4.9.10&#8243; _module_preset=&#8220;default&#8220; global_colors_info=&#8220;{}&#8220;][et_pb_column type=&#8220;1_2&#8243; _builder_version=&#8220;4.9.10&#8243; _module_preset=&#8220;default&#8220; global_colors_info=&#8220;{}&#8220;][et_pb_toggle title=&#8220;In meinen Teams sind Spannungen aufgetreten. Wie kann ich damit umgehen?&#8220; _builder_version=&#8220;4.14.2&#8243; _module_preset=&#8220;1162b011-0bbd-4445-bd20-55262ba1dbd8&#8243; locked=&#8220;off&#8220; global_colors_info=&#8220;{}&#8220;]<\/p>\n<p>Spannungen am Arbeitsplatz sind unvermeidlich, und oft entstehen Konflikte durch neue Ideen oder Vorgehensweisen. Konflikte sind nicht immer negativ zu bewerten.<\/p>\n<p>Es geht darum, sie zu entschl\u00fcsseln, ihre wahre Natur zu erkennen und dann die richtige Methode zu w\u00e4hlen, um mit ihnen umzugehen. Der Umgang mit Konflikten kann gelernt werden.<\/p>\n<p><strong>Merkblatt:<\/strong><\/p>\n<p><a href=\"https:\/\/www.mamagenda.ch\/wp-content\/uploads\/2022\/01\/9_Team-Management-2021.09.pdf\" target=\"_blank\" rel=\"noopener\">9_Team-Management<\/a><\/p>\n<p><a href=\"#\"><\/a><\/p>\n<p>[\/et_pb_toggle][et_pb_toggle title=&#8220;Meine Mitarbeiterin ist oft abwesend. Muss ich ihr den Lohn bezahlen?&#8220; _builder_version=&#8220;4.14.2&#8243; _module_preset=&#8220;1162b011-0bbd-4445-bd20-55262ba1dbd8&#8243; locked=&#8220;off&#8220; global_colors_info=&#8220;{}&#8220;]<\/p>\n<p>Die Zeit der Schwangerschaft und die Zeit nach der Niederkunft unterscheiden sich in Bezug auf die Regelung der Absenzen und des Lohnanspruchs.<\/p>\n<p>Eine Besonderheit des Schweizer Rechts ist, dass die Absenzen und der Lohnanspruch w\u00e4hrend dieser Absenzen nicht in denselben Gesetzestexten geregelt sind.<\/p>\n<p><strong>Merkblatt:<\/strong><\/p>\n<p><a href=\"https:\/\/www.mamagenda.ch\/wp-content\/uploads\/2022\/01\/12_Absenzen_und_Lohnanspruch-2021.09.pdf\" target=\"_blank\" rel=\"noopener\">12_Absenzen und Lohnanspruch<\/a><\/p>\n<p>[\/et_pb_toggle][et_pb_toggle title=&#8220;Ab wann ist eine Arbeitsunf\u00e4higkeitsbescheinigung vom Arzt erforderlich?&#8220; _builder_version=&#8220;4.14.2&#8243; _module_preset=&#8220;1162b011-0bbd-4445-bd20-55262ba1dbd8&#8243; locked=&#8220;off&#8220; global_colors_info=&#8220;{}&#8220;]<\/p>\n<p>Eine Schwangerschaft ist keine Krankheit! Auch wenn eine Frau irgendwann einmal Unannehmlichkeiten versp\u00fcren kann, sind diese vor\u00fcbergehend und erlauben es ihr, ein normales und aktives Leben zu f\u00fchren.<\/p>\n<p>Die Arbeitsunf\u00e4higkeitsbescheinigung sollte nur bei ernsthaften gesundheitlichen Problemen der Person ausgestellt werden, um die Lohnfortzahlung zu erm\u00f6glichen. Sie sollte nicht verwendet werden, wenn der Arbeitsplatz oder die Arbeitsbedingungen beschwerlich oder gef\u00e4hrlich sind. In diesem Fall m\u00fcssen Sie die Situation analysieren lassen und die vom Arbeitsmediziner empfohlenen Ma\u00dfnahmen ergreifen, um schwangere und stillende Frauen zu sch\u00fctzen.<\/p>\n<p><strong>Merkbl\u00e4tter:<\/strong><\/p>\n<p><a href=\"https:\/\/www.mamagenda.ch\/wp-content\/uploads\/2022\/01\/11_Arbeitsunfaehigkeitszeugnis-2021.09-1.pdf\" target=\"_blank\" rel=\"noopener\">11_Arbeitsunf\u00e4higkeitszeugnis<\/a><\/p>\n<p><a href=\"https:\/\/www.mamagenda.ch\/wp-content\/uploads\/2022\/01\/18_Achtung_Gefahr-2023.07.pdf\" target=\"_blank\" rel=\"noopener\">18_Achtung Gefahr<\/a><\/p>\n<p><a href=\"#\"><\/a><\/p>\n<p>[\/et_pb_toggle][\/et_pb_column][et_pb_column type=&#8220;1_2&#8243; _builder_version=&#8220;4.9.10&#8243; _module_preset=&#8220;default&#8220; global_colors_info=&#8220;{}&#8220;][\/et_pb_column][\/et_pb_row][\/et_pb_section][et_pb_section fb_built=&#8220;1&#8243; _builder_version=&#8220;4.10.6&#8243; _module_preset=&#8220;default&#8220; background_color=&#8220;#EAEEF3&#8243; bottom_divider_height=&#8220;50px&#8220; global_colors_info=&#8220;{}&#8220;][et_pb_row _builder_version=&#8220;4.9.10&#8243; _module_preset=&#8220;default&#8220; custom_padding=&#8220;||0px|||&#8220; global_colors_info=&#8220;{}&#8220;][et_pb_column type=&#8220;4_4&#8243; _builder_version=&#8220;4.9.10&#8243; _module_preset=&#8220;default&#8220; global_colors_info=&#8220;{}&#8220;][et_pb_text _builder_version=&#8220;4.14.2&#8243; _module_preset=&#8220;c3deb0d7-f0b3-4e5d-ac9a-d9603e81933f&#8220; custom_margin=&#8220;||5px||false|false&#8220; locked=&#8220;off&#8220; global_colors_info=&#8220;{}&#8220;]<\/p>\n<h3><strong>Meine Mitarbeiterin will nach dem Mutterschaftsurlaub weiterarbeiten<\/strong><\/h3>\n<p>[\/et_pb_text][\/et_pb_column][\/et_pb_row][et_pb_row column_structure=&#8220;1_2,1_2&#8243; _builder_version=&#8220;4.9.10&#8243; _module_preset=&#8220;default&#8220; global_colors_info=&#8220;{}&#8220;][et_pb_column type=&#8220;1_2&#8243; _builder_version=&#8220;4.9.10&#8243; _module_preset=&#8220;default&#8220; global_colors_info=&#8220;{}&#8220;][et_pb_toggle title=&#8220;Meine Mitarbeiterin m\u00f6chte nach der Geburt in Teilzeit arbeiten. Dies ist leider nicht m\u00f6glich&#8220; _builder_version=&#8220;4.14.2&#8243; _module_preset=&#8220;1162b011-0bbd-4445-bd20-55262ba1dbd8&#8243; hover_enabled=&#8220;0&#8243; locked=&#8220;off&#8220; global_colors_info=&#8220;{}&#8220; sticky_enabled=&#8220;0&#8243;]<\/p>\n<p>Jedes Unternehmen entscheidet, auf welche Weise es die Arbeit in seinem Betrieb organisiert. Es gibt keine Standardl\u00f6sung, aber es gibt verschiedene M\u00f6glichkeiten, wie Mitarbeiter Beruf und Familie miteinander vereinbaren k\u00f6nnen.<\/p>\n<p>Sie haben die Wahl: Wenn Sie auch nur eine der folgenden Ma\u00dfnahmen ergreifen, wird dies von Ihren Mitarbeitern auf jeden Fall positiv aufgenommen, und letztendlich wird Ihr Unternehmen ebenfalls davon profitieren.<\/p>\n<p><strong>Merkblatt<\/strong><\/p>\n<p><a href=\"https:\/\/www.mamagenda.ch\/wp-content\/uploads\/2022\/01\/6_Arbeitszeitmodelle-2021.09.pdf\" target=\"_blank\" rel=\"noopener\">6_Arbeitszeitmodelle<\/a><\/p>\n<p><strong>Siehe auch<\/strong><\/p>\n<p><strong>Eidgen\u00f6ssisches B\u00fcro f\u00fcr die Gleichstellung von Frau und Mann<\/strong><br \/><a href=\"https:\/\/www.mamagenda.ch\/wp-content\/uploads\/2022\/02\/2022-fairplay_at_work_unternehmen-D.pdf\" target=\"_blank\" rel=\"noopener\">FairPlay at Work in Unternehmen (2003)<\/a><\/p>\n<p>[\/et_pb_toggle][et_pb_toggle title=&#8220;Wie organisiere ich die R\u00fcckkehr meiner Mitarbeiterin an den Arbeitsplatz?&#8220; _builder_version=&#8220;4.14.2&#8243; _module_preset=&#8220;1162b011-0bbd-4445-bd20-55262ba1dbd8&#8243; locked=&#8220;off&#8220; global_colors_info=&#8220;{}&#8220;]<\/p>\n<p>Mit diesem Dokument k\u00f6nnen Sie eine schrittweise R\u00fcckkehr Ihrer Mitarbeiterin an den Arbeitsplatz planen.<\/p>\n<p>Eine stufenweise R\u00fcckkehr erm\u00f6glicht es ihr, das Stillen fortzusetzen, wenn sie sich daf\u00fcr entschieden hat. Eine solche Vereinbarung wird allen Beteiligten vor, w\u00e4hrend und nach der Geburt ein Gef\u00fchl der Sicherheit vermitteln.<\/p>\n<p><strong>Merkblatt:<\/strong><\/p>\n<p><a href=\"https:\/\/www.mamagenda.ch\/wp-content\/uploads\/2022\/01\/15_Vereinbarung_Wiedereinstieg-2021.09.pdf\" target=\"_blank\" rel=\"noopener\">15_Vereinbarung\u00a0 Wiedereinstieg<\/a><\/p>\n<p>[\/et_pb_toggle][et_pb_toggle title=&#8220;Meine Mitarbeiterin m\u00f6chte ihren Mutterschaftsurlaub mit unbezahltem Urlaub verl\u00e4ngern. Was ist dabei zu beachten?&#8220; _builder_version=&#8220;4.14.2&#8243; _module_preset=&#8220;1162b011-0bbd-4445-bd20-55262ba1dbd8&#8243; locked=&#8220;off&#8220; global_colors_info=&#8220;{}&#8220;]<\/p>\n<p>Es gibt keinen Rechtsanspruch auf unbezahlten Urlaub, weder darauf, ihn zu gew\u00e4hren, noch darauf, ihn zu erhalten.<\/p>\n<p>H\u00e4ufig wird der Zeitraum von 14 bis 16 Wochen von der Arbeitnehmerin, die ihren Mutterschaftsurlaub verl\u00e4ngern m\u00f6chte, als zu kurz empfunden. Bevor sie einen unbezahlten Urlaub vereinbart, kann die Arbeitnehmerin ein nicht verbrauchtes Urlaubsguthaben verwenden oder \u00dcberstunden geltend machen (die vor der Schwangerschaft geleistet wurden, da sie w\u00e4hrend der Schwangerschaft verboten sind).<\/p>\n<p>Merkblatt 7 gibt einen \u00dcberblick \u00fcber den unbezahlten Urlaub und wie er gestaltet werden kann. Mit dem Merkblatt 17 k\u00f6nnen Sie sich einen \u00dcberblick dar\u00fcber verschaffen, was Ihrer Arbeitnehmerin zum Zeitpunkt der Entbindung zur Verf\u00fcgung steht.<\/p>\n<p><strong>Merkbl\u00e4tter:<\/strong><\/p>\n<p><a href=\"https:\/\/www.mamagenda.ch\/wp-content\/uploads\/2022\/01\/7_Unbezahlter_Urlaub-2021.09.pdf\" target=\"_blank\" rel=\"noopener\">7_Unbezahlter Urlaub<\/a><\/p>\n<p><a href=\"https:\/\/www.mamagenda.ch\/wp-content\/uploads\/2022\/01\/17_Gratulationsschreiben-2021.09.pdf\" target=\"_blank\" rel=\"noopener\">17_Gratulationsschreiben<\/a><\/p>\n<p>[\/et_pb_toggle][\/et_pb_column][et_pb_column type=&#8220;1_2&#8243; _builder_version=&#8220;4.9.10&#8243; _module_preset=&#8220;default&#8220; global_colors_info=&#8220;{}&#8220;][et_pb_toggle title=&#8220;Welche Themen m\u00fcssen vor dem Mutterschaftsurlaub besprochen werden?&#8220; _builder_version=&#8220;4.14.2&#8243; _module_preset=&#8220;1162b011-0bbd-4445-bd20-55262ba1dbd8&#8243; locked=&#8220;off&#8220; global_colors_info=&#8220;{}&#8220;]<\/p>\n<p>Es gibt verschiedene gesetzliche Bestimmungen, die zu verschiedenen Zeitpunkten der Schwangerschaft und dar\u00fcber hinaus gelten.<\/p>\n<p>Das Merkblatt 24 hilft Ihnen dabei, den \u00dcberblick zu behalten. Es gibt Ihnen einen \u00dcberblick \u00fcber die verschiedenen Schritte und Gespr\u00e4che, die Sie w\u00e4hrend der Schwangerschaft f\u00fchren m\u00fcssen, damit Sie die Abreise und R\u00fcckkehr Ihrer Arbeitnehmerin gut organisieren k\u00f6nnen.<\/p>\n<p><strong>Merkbl\u00e4tter:<\/strong><\/p>\n<p><a href=\"https:\/\/www.mamagenda.ch\/wp-content\/uploads\/2022\/01\/6_Arbeitszeitmodelle-2021.09.pdf\" target=\"_blank\" rel=\"noopener\">6_Arbeitszeitmodelle<\/a><\/p>\n<p><a href=\"https:\/\/www.mamagenda.ch\/wp-content\/uploads\/2022\/01\/7_Unbezahlter_Urlaub-2021.09.pdf\" target=\"_blank\" rel=\"noopener\">7_Unbezahlter Urlaub<\/a><\/p>\n<p><a href=\"https:\/\/www.mamagenda.ch\/wp-content\/uploads\/2022\/01\/10_Stillen_am_Arbeitsplatz-2021.09.pdf\" target=\"_blank\" rel=\"noopener\">10_Stillen am Arbeitsplatz<\/a><\/p>\n<p><a href=\"https:\/\/www.mamagenda.ch\/wp-content\/uploads\/2022\/01\/14_Conge_maternite-2023.08.pdf\" target=\"_blank\" rel=\"noopener\">14_Mutterschaftsurlaub<\/a><\/p>\n<p><a href=\"https:\/\/www.mamagenda.ch\/wp-content\/uploads\/2022\/01\/15_Vereinbarung_Wiedereinstieg-2021.09.pdf\" target=\"_blank\" rel=\"noopener\">15_Vereinbarung Wiedereinstieg<\/a><\/p>\n<p><a href=\"https:\/\/www.mamagenda.ch\/wp-content\/uploads\/2022\/01\/24_GENERALAGENDA-Schwangerschaft-2021.09.pdf\" target=\"_blank\" rel=\"noopener\">24_Generalagenda Schwangerschaft<\/a><\/p>\n<p><strong><\/strong><\/p>\n<p>[\/et_pb_toggle][\/et_pb_column][\/et_pb_row][\/et_pb_section][et_pb_section fb_built=&#8220;1&#8243; _builder_version=&#8220;4.9.10&#8243; _module_preset=&#8220;default&#8220; background_color=&#8220;#EAEEF3&#8243; global_colors_info=&#8220;{}&#8220;][et_pb_row _builder_version=&#8220;4.9.10&#8243; _module_preset=&#8220;default&#8220; custom_padding=&#8220;||0px|||&#8220; global_colors_info=&#8220;{}&#8220;][et_pb_column type=&#8220;4_4&#8243; _builder_version=&#8220;4.9.10&#8243; _module_preset=&#8220;default&#8220; global_colors_info=&#8220;{}&#8220;][et_pb_text _builder_version=&#8220;4.14.2&#8243; _module_preset=&#8220;c3deb0d7-f0b3-4e5d-ac9a-d9603e81933f&#8220; custom_margin=&#8220;||5px||false|false&#8220; locked=&#8220;off&#8220; global_colors_info=&#8220;{}&#8220;]<\/p>\n<h3><strong>Meine Angestellte hat entbunden \/ ist im Mutterschaftsurlaub<\/strong><\/h3>\n<p>[\/et_pb_text][\/et_pb_column][\/et_pb_row][et_pb_row column_structure=&#8220;1_2,1_2&#8243; _builder_version=&#8220;4.14.2&#8243; _module_preset=&#8220;default&#8220; global_colors_info=&#8220;{}&#8220;][et_pb_column type=&#8220;1_2&#8243; _builder_version=&#8220;4.9.10&#8243; _module_preset=&#8220;default&#8220; global_colors_info=&#8220;{}&#8220;][et_pb_text _builder_version=&#8220;4.14.2&#8243; _module_preset=&#8220;c3deb0d7-f0b3-4e5d-ac9a-d9603e81933f&#8220; text_line_height=&#8220;1.6em&#8220; header_4_line_height=&#8220;1.2em&#8220; custom_margin=&#8220;||5px||false|false&#8220; locked=&#8220;off&#8220; global_colors_info=&#8220;{}&#8220;]<\/p>\n<h4>Die Geburt organisieren<\/h4>\n<p>[\/et_pb_text][et_pb_toggle title=&#8220;Wie gratuliere ich meiner Mitarbeiterin am besten?&#8220; _builder_version=&#8220;4.14.2&#8243; _module_preset=&#8220;1162b011-0bbd-4445-bd20-55262ba1dbd8&#8243; locked=&#8220;off&#8220; global_colors_info=&#8220;{}&#8220;]<\/p>\n<p>Ihre Mitarbeiterin hat entbunden: Ein Telefonat mit der Entbindungsstation, um ihr zu gratulieren und sich nach ihrem Befinden zu erkundigen, ist angebracht. Blumen werden bei der R\u00fcckkehr nach Hause am meisten gesch\u00e4tzt. Sie k\u00f6nnen die Unterzeichnung einer gemeinsamen Karte organisieren, mit einem kleinen Geschenk.<\/p>\n<p>Den Musterbrief (Merkblatt 17) sollten Sie an Ihre Mitarbeiterin schicken. Er dient insbesondere dazu, sie \u00fcber das Enddatum ihres Mutterschaftsurlaubs, ihren noch zur Verf\u00fcgung stehenden Urlaubssaldo und ihren \u00dcberstundensaldo (der vor der Schwangerschaft geleistet wurde) zu informieren. Der Musterbrief enth\u00e4lt auch Informationen \u00fcber die Mutterschaftsentsch\u00e4digung und die von Ihnen ben\u00f6tigten Dokumente.<\/p>\n<p>Merkblatt 14 zeigt Ihnen, wie Sie den Kontakt zu Ihrer Mitarbeiterin w\u00e4hrend ihrer Abwesenheit aufrechterhalten k\u00f6nnen.<\/p>\n<p><strong>Merkbl\u00e4tter:<\/strong><\/p>\n<p><a href=\"https:\/\/www.mamagenda.ch\/wp-content\/uploads\/2022\/01\/14_Conge_maternite-2023.08.pdf\" target=\"_blank\" rel=\"noopener\">14_Mutterschaftsurlaub<\/a><\/p>\n<p><a href=\"https:\/\/www.mamagenda.ch\/wp-content\/uploads\/2022\/01\/17_Gratulationsschreiben-2021.09.pdf\" target=\"_blank\" rel=\"noopener\">17_Gratulationsschreiben<\/a><\/p>\n<p><a href=\"#\"><\/a><\/p>\n<p>[\/et_pb_toggle][et_pb_toggle title=&#8220;Das Neugeborene meiner Mitarbeiterin muss ins Krankenhaus eingeliefert werden. Wie sind die Regelungen?&#8220; _builder_version=&#8220;4.14.2&#8243; _module_preset=&#8220;1162b011-0bbd-4445-bd20-55262ba1dbd8&#8243; locked=&#8220;off&#8220; global_colors_info=&#8220;{}&#8220;]<\/p>\n<p>Eine Frau kann einen Aufschub ihres Anspruchs auf Leistungen aus dem Mutterschaftsurlaub beantragen, wenn ihr neugeborenes Kind l\u00e4nger als zwei Wochen im Krankenhaus bleiben muss.<\/p>\n<p>Die Lohnfortzahlung wird w\u00e4hrend dieser Zeit, die bis zu acht Wochen dauern kann, von der Erwerbsausfallentsch\u00e4digung \u00fcbernommen.<\/p>\n<p><strong>Merkblatt:<\/strong><\/p>\n<p><a href=\"https:\/\/www.mamagenda.ch\/wp-content\/uploads\/2022\/01\/12_Absenzen_und_Lohnanspruch-2021.09.pdf\" target=\"_blank\" rel=\"noopener\">12_Absenzen und Lohnanspruch<\/a><\/p>\n<p><strong>Handbuch Info.<span style=\"color: #ff0000;\">Mutterschaft<\/span>.ch:<\/strong><\/p>\n<p><a href=\"http:\/\/www.informaternite.ch\/das_kind_ist_geboren\/mutterschaftsurlaub\/unvorhergesehenes_bei_der_geburt\" target=\"_blank\" rel=\"noopener\">Unvorhergesehene Ereignisse bei der Geburt<\/a><\/p>\n<p>[\/et_pb_toggle][et_pb_toggle title=&#8220;Das Neugeborene meiner Mitarbeiterin ist bei der Geburt gestorben. Was kann ich tun?&#8220; _builder_version=&#8220;4.14.2&#8243; _module_preset=&#8220;1162b011-0bbd-4445-bd20-55262ba1dbd8&#8243; locked=&#8220;off&#8220; global_colors_info=&#8220;{}&#8220;]<\/p>\n<p>Das Risiko einer Totgeburt ist in der Schweiz zwar gering, aber es besteht.<\/p>\n<p>Merkblatt 20 hilft Ihnen als Arbeitgeber, die richtigen Ma\u00dfnahmen und Reaktionen auf die Situation zu w\u00e4hlen. In dieser f\u00fcr Ihre Arbeitnehmerin und ihren Partner \u00e4u\u00dferst schmerzhaften Zeit sind die Handlungen des Arbeitgebers und der Kollegen wichtiger als Worte.<\/p>\n<p><strong>Merkblatt:<\/strong><\/p>\n<p><a href=\"https:\/\/www.mamagenda.ch\/wp-content\/uploads\/2022\/01\/20_Umgang_mit_dem_Tod-2021.09.pdf\" target=\"_blank\" rel=\"noopener\">20_Umgang mit dem Tod<\/a><\/p>\n<p><strong>Handbuch Info.<span style=\"color: #ff0000;\">Mutterschaft<\/span>.ch:<\/strong><\/p>\n<p><a href=\"http:\/\/www.informaternite.ch\/das_kind_ist_geboren\/mutterschaftsurlaub\/unvorhergesehenes_bei_der_geburt\" target=\"_blank\" rel=\"noopener\">Unvorhergesehene Ereignisse bei der Geburt<\/a><\/p>\n<p><strong><\/strong><\/p>\n<p>[\/et_pb_toggle][\/et_pb_column][et_pb_column type=&#8220;1_2&#8243; _builder_version=&#8220;4.14.2&#8243; _module_preset=&#8220;default&#8220; global_colors_info=&#8220;{}&#8220;][et_pb_toggle title=&#8220;Kann ich meiner Mitarbeiterin w\u00e4hrend des Mutterschaftsurlaubs kleine Aufgaben \u00fcbertragen?&#8220; _builder_version=&#8220;4.14.2&#8243; _module_preset=&#8220;1162b011-0bbd-4445-bd20-55262ba1dbd8&#8243; locked=&#8220;off&#8220; global_colors_info=&#8220;{}&#8220;]<\/p>\n<p>W\u00e4hrend der Wochen der Abwesenheit geht das Leben im Unternehmen weiter, mit all seinen Neuerungen und t\u00e4glichen Anpassungen. Um die Eingew\u00f6hnungsphase Ihrer Mitarbeiterin zu verk\u00fcrzen und zu erleichtern, sollten Sie den Kontakt zwischen ihr und ihrem Arbeitsumfeld aufrechterhalten.<\/p>\n<p>Den Kontakt aufrechtzuerhalten bedeutet nicht, dass die Angestellte zu Hause arbeiten soll, da der Mutterschaftsurlaub unter anderem dazu dienen soll, dass sie sich erholen kann.<\/p>\n<p><strong>Merkblatt:<\/strong><\/p>\n<p><a href=\"https:\/\/www.mamagenda.ch\/wp-content\/uploads\/2022\/01\/14_Conge_maternite-2023.08.pdf\" target=\"_blank\" rel=\"noopener\">14_Mutterschaftsurlaub<\/a><\/p>\n<p>[\/et_pb_toggle][et_pb_toggle title=&#8220;W\u00e4hrend des Mutterschaftsurlaubs stapelt sich die Arbeit. Welche L\u00f6sungen gibt es?&#8220; _builder_version=&#8220;4.14.2&#8243; _module_preset=&#8220;1162b011-0bbd-4445-bd20-55262ba1dbd8&#8243; locked=&#8220;off&#8220; global_colors_info=&#8220;{}&#8220;]<\/p>\n<p>Wenn ein\/e Arbeitnehmer\/in f\u00fcr mehrere Monate (Mutterschaftsurlaub, Milit\u00e4rdienst) oder Wochen (Vaterschaftsurlaub, Ausbildung) abwesend ist, gibt es verschiedene M\u00f6glichkeiten, die Arbeit und die Aufgaben der fehlenden Person bestm\u00f6glich zu organisieren.<\/p>\n<p>Manchmal kommt es vor, dass eine Arbeitnehmerin w\u00e4hrend der Schwangerschaft aus gesundheitlichen Gr\u00fcnden h\u00e4ufig abwesend sein muss. Diese Abwesenheiten k\u00f6nnen wie eine l\u00e4ngere Abwesenheit gehandhabt werden, daher ist es ratsam, sich im Voraus dar\u00fcber Gedanken zu machen. Einige Anhaltspunkte werden in diesem Merkblatt 13 gegeben.<\/p>\n<p><strong>Merkblatt:<\/strong><\/p>\n<p><a href=\"https:\/\/www.mamagenda.ch\/wp-content\/uploads\/2022\/01\/13_Laengere_Abwesenheiten-2021.09.pdf\" target=\"_blank\" rel=\"noopener\">13_L\u00e4ngere Abwesenheiten<\/a><\/p>\n<p>[\/et_pb_toggle][\/et_pb_column][\/et_pb_row][\/et_pb_section][et_pb_section fb_built=&#8220;1&#8243; _builder_version=&#8220;4.9.10&#8243; _module_preset=&#8220;default&#8220; background_color=&#8220;#EAEEF3&#8243; global_colors_info=&#8220;{}&#8220;][et_pb_row _builder_version=&#8220;4.9.10&#8243; _module_preset=&#8220;default&#8220; custom_padding=&#8220;||0px|||&#8220; global_colors_info=&#8220;{}&#8220;][et_pb_column type=&#8220;4_4&#8243; _builder_version=&#8220;4.9.10&#8243; _module_preset=&#8220;default&#8220; global_colors_info=&#8220;{}&#8220;][et_pb_text _builder_version=&#8220;4.14.2&#8243; _module_preset=&#8220;c3deb0d7-f0b3-4e5d-ac9a-d9603e81933f&#8220; custom_margin=&#8220;||5px||false|false&#8220; locked=&#8220;off&#8220; global_colors_info=&#8220;{}&#8220;]<\/p>\n<h3><strong>Meine Mitarbeiterin kommt bald aus dem Mutterschaftsurlaub zur\u00fcck<\/strong><\/h3>\n<p>[\/et_pb_text][\/et_pb_column][\/et_pb_row][et_pb_row column_structure=&#8220;1_2,1_2&#8243; _builder_version=&#8220;4.9.10&#8243; _module_preset=&#8220;default&#8220; global_colors_info=&#8220;{}&#8220;][et_pb_column type=&#8220;1_2&#8243; _builder_version=&#8220;4.9.10&#8243; _module_preset=&#8220;default&#8220; global_colors_info=&#8220;{}&#8220;][et_pb_toggle title=&#8220;Ist es sinnvoll, sich zu treffen, bevor sie wieder zu arbeiten beginnt?&#8220; _builder_version=&#8220;4.14.2&#8243; _module_preset=&#8220;1162b011-0bbd-4445-bd20-55262ba1dbd8&#8243; locked=&#8220;off&#8220; global_colors_info=&#8220;{}&#8220;]<\/p>\n<p>Ja, das ist ratsam, denn es erleichtert die Wiederaufnahme der Arbeit. Und vielleicht m\u00f6chte Ihre Arbeitnehmerin Ihnen bei dieser Gelegenheit ihr Kind vorstellen?<\/p>\n<p>Es gibt verschiedene gesetzliche Bestimmungen, die zu verschiedenen Zeitpunkten der Schwangerschaft, aber auch dar\u00fcber hinaus gelten.<\/p>\n<p>Um Ihnen den Durchblick zu erleichtern, wird Ihnen das Merkblatt 24 n\u00fctzlich sein.<\/p>\n<p><strong>Merkblatt:<\/strong><\/p>\n<p><a href=\"https:\/\/www.mamagenda.ch\/wp-content\/uploads\/2022\/01\/24_GENERALAGENDA-Schwangerschaft-2021.09.pdf\" target=\"_blank\" rel=\"noopener\">24_Generalagenda Schwangerschaft<\/a><\/p>\n<p><a href=\"#\"><\/a><\/p>\n<p>[\/et_pb_toggle][et_pb_toggle title=&#8220;Meine Mitarbeiterin m\u00f6chte w\u00e4hrend der Arbeit weiter stillen. Darf sie das? Was muss ich beachten?&#8220; _builder_version=&#8220;4.14.2&#8243; _module_preset=&#8220;1162b011-0bbd-4445-bd20-55262ba1dbd8&#8243; locked=&#8220;off&#8220; global_colors_info=&#8220;{}&#8220;]<\/p>\n<p>Das Gesetz legt fest, dass M\u00fctter das Recht haben, ihre Kinder am Arbeitsplatz zu stillen. Der Arbeitgeber muss ihnen im ersten Lebensjahr des Kindes die erforderliche Zeit zum Stillen gew\u00e4hren.<\/p>\n<p>Die Zeit, die eine Frau zum Stillen am Arbeitsplatz aufwendet, wird nach einer Skala verg\u00fctet, die von der Anzahl der t\u00e4glich geleisteten Arbeitsstunden abh\u00e4ngt.<\/p>\n<p><strong>Merkblatt:<\/strong><\/p>\n<p><a href=\"https:\/\/www.mamagenda.ch\/wp-content\/uploads\/2022\/01\/10_Stillen_am_Arbeitsplatz-2021.09.pdf\" target=\"_blank\" rel=\"noopener\">10_Stillen am Arbeitsplatz<\/a><\/p>\n<p><strong>Handbuch Info.<span style=\"color: #ff0000;\">Mutterschaft<\/span>.ch:<\/strong><\/p>\n<p><a href=\"Besonderer Schutz der Frau beim Stillen\" target=\"_blank\" rel=\"noopener\">Stillen &#8211; Sonderschutz<\/a><\/p>\n<p>[\/et_pb_toggle][\/et_pb_column][et_pb_column type=&#8220;1_2&#8243; _builder_version=&#8220;4.9.10&#8243; _module_preset=&#8220;default&#8220; global_colors_info=&#8220;{}&#8220;][et_pb_toggle title=&#8220;Meine Mitarbeiterin m\u00f6chte ihren Mutterschaftsurlaub verl\u00e4ngern. Hat sie das Recht dazu? Muss ich sie bezahlen?&#8220; _builder_version=&#8220;4.14.2&#8243; _module_preset=&#8220;1162b011-0bbd-4445-bd20-55262ba1dbd8&#8243; locked=&#8220;off&#8220; global_colors_info=&#8220;{}&#8220;]<\/p>\n<p>Es gibt keinen Rechtsanspruch auf unbezahlten Urlaub, weder darauf, ihn zu gew\u00e4hren, noch darauf, ihn zu erhalten.<\/p>\n<p>H\u00e4ufig wird der Zeitraum von 14 bis 16 Wochen von der Arbeitnehmerin, die ihren Mutterschaftsurlaub verl\u00e4ngern m\u00f6chte, als zu kurz empfunden.<\/p>\n<p>Das Merkblatt 17 erkl\u00e4rt Ihnen mehr \u00fcber die verschiedenen M\u00f6glichkeiten, den Mutterschaftsurlaub zu verl\u00e4ngern, Merkblatt 7 informiert Sie \u00fcber den unbezahlten Urlaub.<\/p>\n<p><strong>Merkbl\u00e4tter:<\/strong><\/p>\n<p><a href=\"https:\/\/www.mamagenda.ch\/wp-content\/uploads\/2022\/01\/7_Unbezahlter_Urlaub-2021.09.pdf\" target=\"_blank\" rel=\"noopener\">7_Unbezahlter Urlaub<\/a><\/p>\n<p><a href=\"https:\/\/www.mamagenda.ch\/wp-content\/uploads\/2022\/01\/17_Gratulationsschreiben-2021.09.pdf\" target=\"_blank\" rel=\"noopener\">17_Gratulationsschreiben<\/a><\/p>\n<p><strong>Handbuch Info.<span style=\"color: #ff0000;\">Mutterschaft<\/span>.ch:<\/strong><\/p>\n<p><a href=\"http:\/\/www.informaternite.ch\/das_kind_ist_geboren\/mutterschaftsurlaub\/verlaengerung_des_mutterschaftsurlaubs\" target=\"_blank\" rel=\"noopener\">Verl\u00e4ngerung des Mutterschaftsurlaubs<\/a><\/p>\n<p>[\/et_pb_toggle][\/et_pb_column][\/et_pb_row][\/et_pb_section][et_pb_section fb_built=&#8220;1&#8243; next_background_color=&#8220;#ffffff&#8220; _builder_version=&#8220;4.10.6&#8243; _module_preset=&#8220;default&#8220; background_color=&#8220;#EAEEF3&#8243; bottom_divider_style=&#8220;curve&#8220; bottom_divider_height=&#8220;50px&#8220; global_colors_info=&#8220;{}&#8220;][et_pb_row _builder_version=&#8220;4.9.10&#8243; _module_preset=&#8220;default&#8220; custom_padding=&#8220;||0px|||&#8220; global_colors_info=&#8220;{}&#8220;][et_pb_column type=&#8220;4_4&#8243; _builder_version=&#8220;4.9.10&#8243; _module_preset=&#8220;default&#8220; global_colors_info=&#8220;{}&#8220;][et_pb_text _builder_version=&#8220;4.14.2&#8243; _module_preset=&#8220;c3deb0d7-f0b3-4e5d-ac9a-d9603e81933f&#8220; custom_margin=&#8220;||5px||false|false&#8220; locked=&#8220;off&#8220; global_colors_info=&#8220;{}&#8220;]<\/p>\n<h3><strong>Meine Mitarbeiterin hat wieder angefangen zu arbeiten<\/strong><\/h3>\n<p>[\/et_pb_text][\/et_pb_column][\/et_pb_row][et_pb_row column_structure=&#8220;1_2,1_2&#8243; _builder_version=&#8220;4.9.10&#8243; _module_preset=&#8220;default&#8220; global_colors_info=&#8220;{}&#8220;][et_pb_column type=&#8220;1_2&#8243; _builder_version=&#8220;4.9.10&#8243; _module_preset=&#8220;default&#8220; global_colors_info=&#8220;{}&#8220;][et_pb_toggle title=&#8220;Was muss ich beachten, damit die R\u00fcckkehr meiner Mitarbeiterin reibungslos verl\u00e4uft?&#8220; _builder_version=&#8220;4.14.2&#8243; _module_preset=&#8220;1162b011-0bbd-4445-bd20-55262ba1dbd8&#8243; locked=&#8220;off&#8220; global_colors_info=&#8220;{}&#8220;]<\/p>\n<p>Ihre Mitarbeiterin nimmt bald wieder ihre Arbeit auf? Wenn Sie den ersten Tag sorgf\u00e4ltig organisieren, geben Sie ihr das Gef\u00fchl, erwartet und willkommen zu sein: Eine gemeinsame Karte, Blumen am Arbeitsplatz oder eine besondere Aufmerksamkeit sind wichtig, um die R\u00fcckkehr einfacher zu machen.<\/p>\n<p>Ein kurzes Gespr\u00e4ch am ersten Morgen sollte eingeplant werden.<br \/>Merkblatt 10 enth\u00e4lt einen \u00dcberblick \u00fcber die gesetzlichen Bestimmungen zum Stillen am Arbeitsplatz.<\/p>\n<p><strong>Merkbl\u00e4tter:<\/strong><\/p>\n<p><a href=\"https:\/\/www.mamagenda.ch\/wp-content\/uploads\/2022\/01\/10_Stillen_am_Arbeitsplatz-2021.09.pdf\" target=\"_blank\" rel=\"noopener\">10_Stillen am Arbeitsplatz<\/a><\/p>\n<p><a href=\"https:\/\/www.mamagenda.ch\/wp-content\/uploads\/2022\/01\/24_GENERALAGENDA-Schwangerschaft-2021.09.pdf\" target=\"_blank\" rel=\"noopener\">24_Generalagenda Schwangerschaft<\/a><\/p>\n<p><a href=\"#\"><\/a><\/p>\n<p>[\/et_pb_toggle][\/et_pb_column][et_pb_column type=&#8220;1_2&#8243; _builder_version=&#8220;4.9.10&#8243; _module_preset=&#8220;default&#8220; global_colors_info=&#8220;{}&#8220;][et_pb_toggle title=&#8220;Das Kind meines Arbeitnehmers\/meiner Arbeitnehmerin ist krank. Darf er oder sie f\u00fcr die Pflege des Kindes von der Arbeit fernbleiben und unter welchen Bedingungen?&#8220; _builder_version=&#8220;4.14.2&#8243; _module_preset=&#8220;1162b011-0bbd-4445-bd20-55262ba1dbd8&#8243; locked=&#8220;off&#8220; global_colors_info=&#8220;{}&#8220;]<\/p>\n<p>Das Arbeitsgesetz sch\u00fctzt Arbeitnehmerinnen und Arbeitnehmer mit Familienpflichten, sei es durch die Erziehung von Kindern bis zum vollendeten 15. Lebensjahr oder durch die Betreuung von pflegebed\u00fcrftigen Verwandten und Bekannten.<\/p>\n<p><strong>Merkbl\u00e4tter:<\/strong><\/p>\n<p><a href=\"https:\/\/www.mamagenda.ch\/wp-content\/uploads\/2022\/01\/21_Mein_Kind_ist_krank-2021.09.pdf\" target=\"_blank\" rel=\"noopener\">21_Mein Kind ist krank<\/a><\/p>\n<p><a href=\"https:\/\/www.mamagenda.ch\/wp-content\/uploads\/2022\/01\/28_Pflegeurlaub-2021.09.pdf\" target=\"_blank\" rel=\"noopener\">28_Pflegeurlaub<\/a><\/p>\n<p><strong>Mehr dazu:<\/strong><\/p>\n<p><a href=\"https:\/\/www.bsv.admin.ch\/bsv\/de\/home\/informationen-fuer\/versicherte\/faq-betreuende-angeheorige.html\" target=\"_blank\" rel=\"noopener\">BSV &#8211; Fragen und Antworten f\u00fcr pflegende Angeh\u00f6rige<\/a><\/p>\n<p><strong><\/strong><\/p>\n<p>[\/et_pb_toggle][\/et_pb_column][\/et_pb_row][\/et_pb_section][et_pb_section fb_built=&#8220;1&#8243; _builder_version=&#8220;4.9.10&#8243; _module_preset=&#8220;default&#8220; global_colors_info=&#8220;{}&#8220;][et_pb_row column_structure=&#8220;1_2,1_2&#8243; use_custom_gutter=&#8220;on&#8220; gutter_width=&#8220;2&#8243; make_equal=&#8220;on&#8220; padding_top_bottom_link_1=&#8220;true&#8220; padding_top_bottom_link_2=&#8220;true&#8220; admin_label=&#8220;Two CTA Row&#8220; module_class=&#8220; et_pb_row_fullwidth&#8220; _builder_version=&#8220;4.9.10&#8243; width_tablet=&#8220;100%&#8220; width_last_edited=&#8220;off|desktop&#8220; max_width_tablet=&#8220;100%&#8220; max_width_phone=&#8220;&#8220; max_width_last_edited=&#8220;on|phone&#8220; custom_padding=&#8220;0px|0px|0px|0px&#8220; make_fullwidth=&#8220;on&#8220; locked=&#8220;off&#8220; global_colors_info=&#8220;{}&#8220;][et_pb_column type=&#8220;1_2&#8243; _builder_version=&#8220;4.9.10&#8243; background_color_gradient_direction=&#8220;120deg&#8220; background_enable_image=&#8220;off&#8220; background_position=&#8220;center_left&#8220; transform_translate_linked=&#8220;off&#8220; custom_padding=&#8220;||||true|true&#8220; border_radii=&#8220;on|10px|10px|10px|10px&#8220; global_colors_info=&#8220;{%22gcid-2df5edee-a7fb-4a83-9f39-25696773855b%22:%91%22button_one_bg_color%22,%22button_one_bg_color%22,%22button_one_bg_color%22,%22button_one_bg_color%22,%22button_one_bg_color%22,%22button_one_bg_color%22,%22button_one_bg_color%22,%22button_one_bg_color%22%93}&#8220; padding_tablet=&#8220;|10%||10%||true&#8220; padding_last_edited=&#8220;on|tablet&#8220; custom_padding__hover=&#8220;|||&#8220; transform_styles__hover_enabled=&#8220;off|desktop&#8220; transform_scale__hover_enabled=&#8220;off|desktop&#8220; transform_translate__hover=&#8220;0px|-10px&#8220; transform_translate__hover_enabled=&#8220;off|desktop&#8220; transform_rotate__hover_enabled=&#8220;off|desktop&#8220; transform_skew__hover_enabled=&#8220;off|desktop&#8220; transform_origin__hover_enabled=&#8220;off|desktop&#8220; padding_phone=&#8220;|10%||10%||true&#8220;][et_pb_image src=&#8220;https:\/\/www.mamagenda.ch\/wp-content\/uploads\/2021\/07\/dad-illustration-03.svg&#8220; title_text=&#8220;dad-illustration-03&#8243; _builder_version=&#8220;4.10.6&#8243; _module_preset=&#8220;default&#8220; width=&#8220;97%&#8220; global_colors_info=&#8220;{}&#8220;][\/et_pb_image][et_pb_cta title=&#8220;Sind Sie zuk\u00fcnftiger Vater?&#8220; button_url=&#8220;@ET-DC@eyJkeW5hbWljIjp0cnVlLCJjb250ZW50IjoicG9zdF9saW5rX3VybF9wYWdlIiwic2V0dGluZ3MiOnsicG9zdF9pZCI6IjE1OCJ9fQ==@&#8220; button_text=&#8220;Mehr dazu&#8220; admin_label=&#8220;School CTA&#8220; _builder_version=&#8220;4.14.2&#8243; _dynamic_attributes=&#8220;button_url&#8220; header_font=&#8220;|700|||||||&#8220; header_text_color=&#8220;gcid-2df5edee-a7fb-4a83-9f39-25696773855b&#8220; header_font_size=&#8220;26px&#8220; header_line_height=&#8220;1.2em&#8220; body_font=&#8220;|500|||||||&#8220; body_font_size=&#8220;16px&#8220; body_line_height=&#8220;1.8em&#8220; background_color=&#8220;RGBA(0,0,0,0)&#8220; custom_button=&#8220;on&#8220; button_text_size=&#8220;16px&#8220; button_text_color=&#8220;#FFFFFF&#8220; button_bg_color=&#8220;#2C5688&#8243; button_border_width=&#8220;15px&#8220; button_border_color=&#8220;rgba(210,159,104,0)&#8220; button_border_radius=&#8220;100px&#8220; button_letter_spacing=&#8220;0px&#8220; button_font=&#8220;|300|||||||&#8220; button_use_icon=&#8220;off&#8220; text_orientation=&#8220;left&#8220; background_layout=&#8220;light&#8220; max_width=&#8220;600px&#8220; custom_margin=&#8220;|||&#8220; custom_padding=&#8220;0px|0px|0px|0px|true|true&#8220; button_text_color_last_edited=&#8220;off|desktop&#8220; border_radii=&#8220;off||||&#8220; button_text_color_hover=&#8220;#c7ccd4&#8243; button_border_radius_hover=&#8220;70px&#8220; button_bg_color_hover=&#8220;#ffffff&#8220; global_colors_info=&#8220;{%22gcid-2df5edee-a7fb-4a83-9f39-25696773855b%22:%91%22button_one_bg_color%22,%22header_text_color%22,%22button_one_bg_color%22,%22header_text_color%22,%22button_one_bg_color%22,%22header_text_color%22,%22button_one_bg_color%22,%22header_text_color%22,%22button_one_bg_color%22,%22button_one_bg_color%22,%22button_one_bg_color%22,%22button_one_bg_color%22,%22button_one_bg_color%22,%22button_one_bg_color%22,%22button_text_color__hover%22,%22header_text_color%22%93,%22gcid-6ef84c2c-0a7b-4aca-adb9-61718fa45c69%22:%91%93,%22gcid-4afa5085-edc7-4d55-9eaf-5c17aa194813%22:%91%93}&#8220; button_text_size__hover_enabled=&#8220;off&#8220; button_one_text_size__hover_enabled=&#8220;off&#8220; button_two_text_size__hover_enabled=&#8220;off&#8220; button_text_color__hover_enabled=&#8220;off|desktop&#8220; button_text_color__hover=&#8220;#2c5688&#8243; button_one_text_color__hover_enabled=&#8220;off&#8220; button_two_text_color__hover_enabled=&#8220;off&#8220; button_border_width__hover_enabled=&#8220;off&#8220; button_one_border_width__hover_enabled=&#8220;off&#8220; button_two_border_width__hover_enabled=&#8220;off&#8220; button_border_color__hover_enabled=&#8220;off&#8220; button_one_border_color__hover_enabled=&#8220;off&#8220; button_two_border_color__hover_enabled=&#8220;off&#8220; button_border_radius__hover_enabled=&#8220;on&#8220; button_border_radius__hover=&#8220;100px&#8220; button_one_border_radius__hover_enabled=&#8220;off&#8220; button_two_border_radius__hover_enabled=&#8220;off&#8220; button_letter_spacing__hover_enabled=&#8220;off&#8220; button_one_letter_spacing__hover_enabled=&#8220;off&#8220; button_two_letter_spacing__hover_enabled=&#8220;off&#8220; button_bg_color__hover_enabled=&#8220;on|desktop&#8220; button_bg_color__hover=&#8220;#5678a0&#8243; button_one_bg_color__hover_enabled=&#8220;off&#8220; button_two_bg_color__hover_enabled=&#8220;off&#8220; button_bg_enable_color__hover=&#8220;on&#8220;][\/et_pb_cta][\/et_pb_column][et_pb_column type=&#8220;1_2&#8243; _builder_version=&#8220;4.9.10&#8243; background_color_gradient_direction=&#8220;120deg&#8220; background_enable_image=&#8220;off&#8220; background_position=&#8220;center_left&#8220; transform_translate_linked=&#8220;off&#8220; custom_padding=&#8220;||||true|true&#8220; border_radii=&#8220;on|10px|10px|10px|10px&#8220; global_colors_info=&#8220;{%22gcid-2df5edee-a7fb-4a83-9f39-25696773855b%22:%91%22button_one_bg_color%22,%22button_one_bg_color%22,%22button_one_bg_color%22,%22button_one_bg_color%22,%22button_one_bg_color%22,%22button_one_bg_color%22,%22button_one_bg_color%22,%22button_one_bg_color%22%93}&#8220; padding_tablet=&#8220;|10%||10%||true&#8220; padding_last_edited=&#8220;on|tablet&#8220; custom_padding__hover=&#8220;|||&#8220; transform_styles__hover_enabled=&#8220;off|desktop&#8220; transform_scale__hover_enabled=&#8220;off|desktop&#8220; transform_translate__hover=&#8220;0px|-10px&#8220; transform_translate__hover_enabled=&#8220;off|desktop&#8220; transform_rotate__hover_enabled=&#8220;off|desktop&#8220; transform_skew__hover_enabled=&#8220;off|desktop&#8220; transform_origin__hover_enabled=&#8220;off|desktop&#8220; padding_phone=&#8220;|10%||10%||true&#8220;][et_pb_image src=&#8220;https:\/\/www.mamagenda.ch\/wp-content\/uploads\/2021\/07\/mom-illustration-02.svg&#8220; title_text=&#8220;mom-illustration-02&#8243; _builder_version=&#8220;4.10.6&#8243; _module_preset=&#8220;default&#8220; width=&#8220;97%&#8220; global_colors_info=&#8220;{}&#8220;][\/et_pb_image][et_pb_cta title=&#8220;Sind Sie zuk\u00fcnftige Mutter?&#8220; button_url=&#8220;@ET-DC@eyJkeW5hbWljIjp0cnVlLCJjb250ZW50IjoicG9zdF9saW5rX3VybF9wYWdlIiwic2V0dGluZ3MiOnsicG9zdF9pZCI6IjkzIn19@&#8220; button_text=&#8220;Mehr dazu&#8220; admin_label=&#8220;School CTA&#8220; _builder_version=&#8220;4.14.2&#8243; _dynamic_attributes=&#8220;button_url&#8220; header_font=&#8220;|700|||||||&#8220; header_text_color=&#8220;gcid-2df5edee-a7fb-4a83-9f39-25696773855b&#8220; header_font_size=&#8220;26px&#8220; header_line_height=&#8220;1.2em&#8220; body_font=&#8220;|500|||||||&#8220; body_font_size=&#8220;16px&#8220; body_line_height=&#8220;1.8em&#8220; background_color=&#8220;RGBA(0,0,0,0)&#8220; custom_button=&#8220;on&#8220; button_text_size=&#8220;16px&#8220; button_text_color=&#8220;#FFFFFF&#8220; button_bg_color=&#8220;#2C5688&#8243; button_border_width=&#8220;15px&#8220; button_border_color=&#8220;rgba(210,159,104,0)&#8220; button_border_radius=&#8220;100px&#8220; button_letter_spacing=&#8220;0px&#8220; button_font=&#8220;|300|||||||&#8220; button_use_icon=&#8220;off&#8220; text_orientation=&#8220;left&#8220; background_layout=&#8220;light&#8220; max_width=&#8220;600px&#8220; custom_margin=&#8220;|||&#8220; custom_padding=&#8220;0px|0px|0px|0px|true|true&#8220; border_radii=&#8220;off||||&#8220; button_text_color_hover=&#8220;#c7ccd4&#8243; button_border_radius_hover=&#8220;70px&#8220; button_bg_color_hover=&#8220;#ffffff&#8220; global_colors_info=&#8220;{%22gcid-2df5edee-a7fb-4a83-9f39-25696773855b%22:%91%22button_one_bg_color%22,%22header_text_color%22,%22button_one_bg_color%22,%22header_text_color%22,%22button_one_bg_color%22,%22header_text_color%22,%22button_one_bg_color%22,%22header_text_color%22,%22button_one_bg_color%22,%22button_one_bg_color%22,%22button_one_bg_color%22,%22button_one_bg_color%22,%22button_one_bg_color%22,%22button_one_bg_color%22,%22button_text_color__hover%22,%22header_text_color%22%93,%22gcid-6ef84c2c-0a7b-4aca-adb9-61718fa45c69%22:%91%93,%22gcid-4afa5085-edc7-4d55-9eaf-5c17aa194813%22:%91%93}&#8220; button_text_size__hover_enabled=&#8220;off&#8220; button_one_text_size__hover_enabled=&#8220;off&#8220; button_two_text_size__hover_enabled=&#8220;off&#8220; button_text_color__hover_enabled=&#8220;off|desktop&#8220; button_text_color__hover=&#8220;#2c5688&#8243; button_one_text_color__hover_enabled=&#8220;off&#8220; button_two_text_color__hover_enabled=&#8220;off&#8220; button_border_width__hover_enabled=&#8220;off&#8220; button_one_border_width__hover_enabled=&#8220;off&#8220; button_two_border_width__hover_enabled=&#8220;off&#8220; button_border_color__hover_enabled=&#8220;off&#8220; button_one_border_color__hover_enabled=&#8220;off&#8220; button_two_border_color__hover_enabled=&#8220;off&#8220; button_border_radius__hover_enabled=&#8220;on&#8220; button_border_radius__hover=&#8220;100px&#8220; button_one_border_radius__hover_enabled=&#8220;off&#8220; button_two_border_radius__hover_enabled=&#8220;off&#8220; button_letter_spacing__hover_enabled=&#8220;off&#8220; button_one_letter_spacing__hover_enabled=&#8220;off&#8220; button_two_letter_spacing__hover_enabled=&#8220;off&#8220; button_bg_color__hover_enabled=&#8220;on|desktop&#8220; button_bg_color__hover=&#8220;#5678a0&#8243; button_one_bg_color__hover_enabled=&#8220;off&#8220; button_two_bg_color__hover_enabled=&#8220;off&#8220; button_bg_enable_color__hover=&#8220;on&#8220;][\/et_pb_cta][\/et_pb_column][\/et_pb_row][\/et_pb_section][et_pb_section fb_built=&#8220;1&#8243; custom_padding_last_edited=&#8220;off|desktop&#8220; background_color_gradient_end_1=&#8220;#c7cbd4&#8243; admin_label=&#8220;Two CTA Section&#8220; _builder_version=&#8220;4.9.10&#8243; background_enable_color=&#8220;off&#8220; custom_padding=&#8220;||||true|false&#8220; custom_padding_tablet=&#8220;20px||10px|&#8220; saved_tabs=&#8220;all&#8220; global_colors_info=&#8220;{}&#8220;][et_pb_row _builder_version=&#8220;4.9.10&#8243; _module_preset=&#8220;default&#8220; custom_margin=&#8220;||20px||false|false&#8220; global_colors_info=&#8220;{}&#8220;][et_pb_column type=&#8220;4_4&#8243; _builder_version=&#8220;4.9.10&#8243; _module_preset=&#8220;default&#8220; global_colors_info=&#8220;{}&#8220;][et_pb_text _builder_version=&#8220;4.14.2&#8243; _module_preset=&#8220;default&#8220; header_2_font=&#8220;|300|||||||&#8220; header_2_text_align=&#8220;center&#8220; header_2_text_color=&#8220;#2C5688&#8243; header_2_font_size=&#8220;34px&#8220; global_colors_info=&#8220;{}&#8220;]<\/p>\n<h2><strong>Die Agenda vom Mamagenda<\/strong><\/h2>\n<p>[\/et_pb_text][\/et_pb_column][\/et_pb_row][et_pb_row column_structure=&#8220;1_2,1_2&#8243; use_custom_gutter=&#8220;on&#8220; gutter_width=&#8220;2&#8243; make_equal=&#8220;on&#8220; padding_top_bottom_link_1=&#8220;true&#8220; padding_top_bottom_link_2=&#8220;true&#8220; admin_label=&#8220;Two CTA Row&#8220; module_class=&#8220; et_pb_row_fullwidth&#8220; _builder_version=&#8220;4.9.10&#8243; width=&#8220;85%&#8220; width_tablet=&#8220;100%&#8220; width_last_edited=&#8220;off|desktop&#8220; max_width_tablet=&#8220;100%&#8220; max_width_last_edited=&#8220;off|phone&#8220; custom_padding=&#8220;0px|0px|0px|0px&#8220; make_fullwidth=&#8220;on&#8220; global_colors_info=&#8220;{%22gcid-2df5edee-a7fb-4a83-9f39-25696773855b%22:%91%22button_one_bg_color%22,%22button_one_bg_color%22%93}&#8220;][et_pb_column type=&#8220;1_2&#8243; _builder_version=&#8220;4.9.10&#8243; background_color_gradient_direction=&#8220;120deg&#8220; background_enable_image=&#8220;off&#8220; background_position=&#8220;center_left&#8220; custom_padding=&#8220;||||true|true&#8220; global_colors_info=&#8220;{%22gcid-2df5edee-a7fb-4a83-9f39-25696773855b%22:%91%22button_one_bg_color%22,%22button_one_bg_color%22%93}&#8220; padding_tablet=&#8220;|10%||10%||true&#8220; padding_last_edited=&#8220;on|tablet&#8220; custom_padding__hover=&#8220;|||&#8220; padding_phone=&#8220;|10%||10%||true&#8220;][et_pb_image src=&#8220;https:\/\/www.mamagenda.ch\/wp-content\/uploads\/2021\/07\/agenda-illustration-02.svg&#8220; title_text=&#8220;agenda-illustration-02&#8243; _builder_version=&#8220;4.9.10&#8243; _module_preset=&#8220;default&#8220; border_radii=&#8220;on|10px|10px|10px|10px&#8220; global_colors_info=&#8220;{}&#8220;][\/et_pb_image][\/et_pb_column][et_pb_column type=&#8220;1_2&#8243; _builder_version=&#8220;4.9.10&#8243; background_enable_color=&#8220;off&#8220; background_color_gradient_direction=&#8220;120deg&#8220; background_enable_image=&#8220;off&#8220; background_position=&#8220;center_left&#8220; custom_padding=&#8220;||||true|true&#8220; custom_css_main_element=&#8220;display: flex;||align-items: center;&#8220; global_colors_info=&#8220;{%22gcid-2df5edee-a7fb-4a83-9f39-25696773855b%22:%91%22button_one_bg_color%22,%22button_one_bg_color%22%93}&#8220; padding_tablet=&#8220;|10%||10%||true&#8220; padding_last_edited=&#8220;on|tablet&#8220; custom_padding__hover=&#8220;|||&#8220; custom_css_main_element_last_edited=&#8220;on|phone&#8220; custom_css_main_element_phone=&#8220;display: block;&#8220; custom_css_main_element_tablet=&#8220;display: block;&#8220; padding_phone=&#8220;|10%||10%||true&#8220;][et_pb_cta title=&#8220;F\u00fcr die werdende Mutter und ihre\/n Arbeitgeber\/in&#8220; button_url=&#8220;@ET-DC@eyJkeW5hbWljIjp0cnVlLCJjb250ZW50IjoicG9zdF9saW5rX3VybF9wYWdlIiwic2V0dGluZ3MiOnsicG9zdF9pZCI6IjI0MiJ9fQ==@&#8220; button_text=&#8220;Zur Agenda&#8220; admin_label=&#8220;School CTA&#8220; _builder_version=&#8220;4.14.2&#8243; _dynamic_attributes=&#8220;button_url&#8220; header_font=&#8220;|300|||||||&#8220; header_text_color=&#8220;#2c5688&#8243; header_font_size=&#8220;26px&#8220; header_line_height=&#8220;1.2em&#8220; body_font=&#8220;|500|||||||&#8220; body_font_size=&#8220;18px&#8220; body_line_height=&#8220;1.8em&#8220; background_enable_color=&#8220;off&#8220; custom_button=&#8220;on&#8220; button_text_size=&#8220;16px&#8220; button_text_color=&#8220;#FFFFFF&#8220; button_bg_color=&#8220;#2C5688&#8243; button_border_width=&#8220;15px&#8220; button_border_color=&#8220;rgba(210,159,104,0)&#8220; button_border_radius=&#8220;100px&#8220; button_letter_spacing=&#8220;0px&#8220; button_font=&#8220;|300|||||||&#8220; button_use_icon=&#8220;off&#8220; text_orientation=&#8220;left&#8220; background_layout=&#8220;light&#8220; custom_margin=&#8220;|||&#8220; custom_padding=&#8220;|0px||0px|true|true&#8220; custom_padding_last_edited=&#8220;off|desktop&#8220; border_radii=&#8220;off||||&#8220; button_text_color_hover=&#8220;#c7ccd4&#8243; button_border_radius_hover=&#8220;70px&#8220; button_bg_color_hover=&#8220;#ffffff&#8220; global_colors_info=&#8220;{%22gcid-2df5edee-a7fb-4a83-9f39-25696773855b%22:%91%22button_one_bg_color%22,%22header_text_color%22,%22button_one_bg_color%22,%22header_text_color%22,%22button_one_bg_color%22,%22header_text_color%22,%22button_one_bg_color%22,%22header_text_color%22%93}&#8220; button_text_size__hover_enabled=&#8220;off&#8220; button_one_text_size__hover_enabled=&#8220;off&#8220; button_two_text_size__hover_enabled=&#8220;off&#8220; button_text_color__hover_enabled=&#8220;off|desktop&#8220; button_text_color__hover=&#8220;#c7ccd4&#8243; button_one_text_color__hover_enabled=&#8220;off&#8220; button_two_text_color__hover_enabled=&#8220;off&#8220; button_border_width__hover_enabled=&#8220;off&#8220; button_one_border_width__hover_enabled=&#8220;off&#8220; button_two_border_width__hover_enabled=&#8220;off&#8220; button_border_color__hover_enabled=&#8220;off&#8220; button_one_border_color__hover_enabled=&#8220;off&#8220; button_two_border_color__hover_enabled=&#8220;off&#8220; button_border_radius__hover_enabled=&#8220;on&#8220; button_border_radius__hover=&#8220;100px&#8220; button_one_border_radius__hover_enabled=&#8220;off&#8220; button_two_border_radius__hover_enabled=&#8220;off&#8220; button_letter_spacing__hover_enabled=&#8220;off&#8220; button_one_letter_spacing__hover_enabled=&#8220;off&#8220; button_two_letter_spacing__hover_enabled=&#8220;off&#8220; button_bg_color__hover_enabled=&#8220;on|desktop&#8220; button_bg_color__hover=&#8220;#5678a0&#8243; button_one_bg_color__hover_enabled=&#8220;off&#8220; button_two_bg_color__hover_enabled=&#8220;off&#8220;]<\/p>\n<p>mamagenda.ch ist eine ideale Unterst\u00fctzung f\u00fcr alle schwangeren berufst\u00e4tigen Frauen sowie f\u00fcr alle, die Personal verwalten. Vom Beginn der Schwangerschaft bis zur R\u00fcckkehr nach dem Mutterschaftsurlaub bietet mamagenda.ch konkrete Antworten auf alle Fragen, die sich Arbeitnehmerinnen und Arbeitgebern stellen.<\/p>\n<p>[\/et_pb_cta][\/et_pb_column][\/et_pb_row][\/et_pb_section]<\/p>\n","protected":false},"excerpt":{"rendered":"<p>Sind SieArbeitgeber?Auf dieser Seite finden Sie alle Informationen und Tipps, die Sie ben\u00f6tigen, um die Zeit der Schwangerschaft Ihrer Mitarbeiterin gut zu organisieren. Das Ziel eines Arbeitgebers ist es, dass von Anfang an f\u00fcr alle Beteiligten alles optimal l\u00e4uft. Denn dies beeinflusst, ob Ihre Mitarbeiterin ihre berufliche T\u00e4tigkeit fortsetzt oder nicht.Zu Ihrem Personal geh\u00f6ren auch FrauenDer Arbeitgeber hat eine sehr wichtige Rolle, sobald ein einschneidendes Ereignis die Angestellten in ihrem Privatleben betrifft. Dies gilt sowohl f\u00fcr unvorhergesehene Unf\u00e4lle oder Gesundheitsprobleme als auch f\u00fcr vorhersehbare Ereignisse wie Abwesenheiten aufgrund von Wehrdienst, Weiterbildungen, Urlaub usw. Eine Schwangerschaft macht in der Regel vieles planbar, h\u00e4lt aber manchmal auch einige \u00dcberraschungen bereit, auf die man sich vorbereiten kann. Wie der Arbeitgeber \u00fcber eine Schwangerschaft informiert, wie er darauf reagiert und wie er damit umgeht, h\u00e4ngt von vielen Dingen ab, z. B. davon, wie die Schwangerschaft verl\u00e4uft, wie gut das Team zusammenarbeitet, ob alle Angestellten treu bleiben, etc. Daher ist es f\u00fcr einen Arbeitgeber wichtig, alle relevanten Bestimmungen zu kennen. Diese Merkbl\u00e4tter und Links helfen Ihnen dabei.Das Wichtigste ist eine Unternehmenskultur, in der ein regelm\u00e4\u00dfiger Dialog mit den Arbeitnehmern stattfindet und die von Respekt f\u00fcr den Einzelnen gepr\u00e4gt ist. Merkbl\u00e4tter: 2_Risikomanagement 3_Vorgehen GEZI 5_So schaffen [&hellip;]<\/p>\n","protected":false},"author":1,"featured_media":0,"parent":0,"menu_order":0,"comment_status":"closed","ping_status":"closed","template":"","meta":{"_et_pb_use_builder":"on","_et_pb_old_content":"","_et_gb_content_width":"","inline_featured_image":false,"footnotes":""},"class_list":["post-1122","page","type-page","status-publish","hentry"],"jetpack_sharing_enabled":true,"_links":{"self":[{"href":"https:\/\/www.mamagenda.ch\/de\/wp-json\/wp\/v2\/pages\/1122","targetHints":{"allow":["GET"]}}],"collection":[{"href":"https:\/\/www.mamagenda.ch\/de\/wp-json\/wp\/v2\/pages"}],"about":[{"href":"https:\/\/www.mamagenda.ch\/de\/wp-json\/wp\/v2\/types\/page"}],"author":[{"embeddable":true,"href":"https:\/\/www.mamagenda.ch\/de\/wp-json\/wp\/v2\/users\/1"}],"replies":[{"embeddable":true,"href":"https:\/\/www.mamagenda.ch\/de\/wp-json\/wp\/v2\/comments?post=1122"}],"version-history":[{"count":10,"href":"https:\/\/www.mamagenda.ch\/de\/wp-json\/wp\/v2\/pages\/1122\/revisions"}],"predecessor-version":[{"id":2267,"href":"https:\/\/www.mamagenda.ch\/de\/wp-json\/wp\/v2\/pages\/1122\/revisions\/2267"}],"wp:attachment":[{"href":"https:\/\/www.mamagenda.ch\/de\/wp-json\/wp\/v2\/media?parent=1122"}],"curies":[{"name":"wp","href":"https:\/\/api.w.org\/{rel}","templated":true}]}}